{"id":654,"date":"2026-04-27T09:49:10","date_gmt":"2026-04-27T07:49:10","guid":{"rendered":"https:\/\/www.glaireuse.be\/?page_id=654"},"modified":"2026-04-27T09:59:49","modified_gmt":"2026-04-27T07:59:49","slug":"marche-adeps-du-dimanche-14-juin-2026","status":"publish","type":"page","link":"https:\/\/www.glaireuse.be\/?page_id=654","title":{"rendered":"Marche ADEPS du dimanche 14 juin 2026"},"content":{"rendered":"\n<p>Le village de Glaireuse aura le plaisir de vous accueillir le dimanche 14 juin pour la quatri\u00e8me \u00e9dition de sa marche ADEPS annuelle. Un rendez-vous incontournable pour tous les amateurs de promenade, de nature et de convivialit\u00e9.<\/p>\n\n\n\n<figure class=\"wp-block-image size-large\"><img loading=\"lazy\" decoding=\"async\" width=\"1024\" height=\"768\" src=\"https:\/\/www.glaireuse.be\/wp-content\/uploads\/2026\/04\/517625715_24598707166388597_4223095964364235919_n-1024x768.jpg\" alt=\"\" class=\"wp-image-648\" srcset=\"https:\/\/www.glaireuse.be\/wp-content\/uploads\/2026\/04\/517625715_24598707166388597_4223095964364235919_n-1024x768.jpg 1024w, https:\/\/www.glaireuse.be\/wp-content\/uploads\/2026\/04\/517625715_24598707166388597_4223095964364235919_n-300x225.jpg 300w, https:\/\/www.glaireuse.be\/wp-content\/uploads\/2026\/04\/517625715_24598707166388597_4223095964364235919_n-150x113.jpg 150w, https:\/\/www.glaireuse.be\/wp-content\/uploads\/2026\/04\/517625715_24598707166388597_4223095964364235919_n-768x576.jpg 768w, https:\/\/www.glaireuse.be\/wp-content\/uploads\/2026\/04\/517625715_24598707166388597_4223095964364235919_n-1536x1152.jpg 1536w, https:\/\/www.glaireuse.be\/wp-content\/uploads\/2026\/04\/517625715_24598707166388597_4223095964364235919_n-200x150.jpg 200w, https:\/\/www.glaireuse.be\/wp-content\/uploads\/2026\/04\/517625715_24598707166388597_4223095964364235919_n.jpg 2048w\" sizes=\"auto, (max-width: 1024px) 100vw, 1024px\" \/><\/figure>\n\n\n\n<p>Que vous soyez marcheur occasionnel ou passionn\u00e9 de randonn\u00e9e, cette journ\u00e9e sera l&rsquo;occasion id\u00e9ale de d\u00e9couvrir ou red\u00e9couvrir les magnifiques paysages de notre r\u00e9gion. Plusieurs parcours balis\u00e9s sur 5, 10, 15 ou 20km, adapt\u00e9s \u00e0 tous les \u00e2ges et \u00e0 tous les niveaux, seront propos\u00e9s afin que chacun puisse participer \u00e0 son rythme.<\/p>\n\n\n\n<p><img decoding=\"async\" src=\"http:\/\/www.glaireuse.be\/wp-content\/uploads\/2026\/04\/518322199_24598723026387011_3101357643780981681_n-768x1024.jpg\" alt=\"\"><\/p>\n\n\n\n<p>Infos parcours :  <\/p>\n\n\n\n<figure class=\"wp-block-table\"><table class=\"has-fixed-layout\"><tbody><tr><td class=\"has-text-align-center\" data-align=\"center\">Parcours<\/td><td class=\"has-text-align-center\" data-align=\"center\">Distance r\u00e9elle<\/td><td class=\"has-text-align-center\" data-align=\"center\">D\u00e9nivell\u00e9<\/td><\/tr><tr><td class=\"has-text-align-center\" data-align=\"center\">5 km<\/td><td class=\"has-text-align-center\" data-align=\"center\">5.06 km<\/td><td class=\"has-text-align-center\" data-align=\"center\">93m<\/td><\/tr><tr><td class=\"has-text-align-center\" data-align=\"center\">10 km<\/td><td class=\"has-text-align-center\" data-align=\"center\">10.85 km<\/td><td class=\"has-text-align-center\" data-align=\"center\">176m<\/td><\/tr><tr><td class=\"has-text-align-center\" data-align=\"center\">15 km<\/td><td class=\"has-text-align-center\" data-align=\"center\">16.38 km<\/td><td class=\"has-text-align-center\" data-align=\"center\">273m<\/td><\/tr><tr><td class=\"has-text-align-center\" data-align=\"center\">20 km<\/td><td class=\"has-text-align-center\" data-align=\"center\">20.33 km<\/td><td class=\"has-text-align-center\" data-align=\"center\">366m<\/td><\/tr><\/tbody><\/table><\/figure>\n\n\n\n<p><img decoding=\"async\" src=\"http:\/\/www.glaireuse.be\/wp-content\/uploads\/2026\/04\/520160034_24598722053053775_7121858905348764448_n-768x1024.jpg\" alt=\"\"><\/p>\n\n\n\n<p>En famille, entre amis ou en solo, venez profiter d&rsquo;un moment sportif et chaleureux au c\u0153ur de la nature. Une petite restauration et des boissons seront disponibles sur place pour agr\u00e9menter votre journ\u00e9e.<\/p>\n\n\n\n<figure class=\"wp-block-image size-large is-resized\"><img loading=\"lazy\" decoding=\"async\" width=\"768\" height=\"1024\" src=\"http:\/\/www.glaireuse.be\/wp-content\/uploads\/2026\/04\/518323703_24598735506385763_1084547289371924104_n-768x1024.jpg\" alt=\"\" class=\"wp-image-651\" style=\"width:574px;height:auto\" srcset=\"https:\/\/www.glaireuse.be\/wp-content\/uploads\/2026\/04\/518323703_24598735506385763_1084547289371924104_n-768x1024.jpg 768w, https:\/\/www.glaireuse.be\/wp-content\/uploads\/2026\/04\/518323703_24598735506385763_1084547289371924104_n-225x300.jpg 225w, https:\/\/www.glaireuse.be\/wp-content\/uploads\/2026\/04\/518323703_24598735506385763_1084547289371924104_n-113x150.jpg 113w, https:\/\/www.glaireuse.be\/wp-content\/uploads\/2026\/04\/518323703_24598735506385763_1084547289371924104_n-1152x1536.jpg 1152w, https:\/\/www.glaireuse.be\/wp-content\/uploads\/2026\/04\/518323703_24598735506385763_1084547289371924104_n.jpg 1536w\" sizes=\"auto, (max-width: 768px) 100vw, 768px\" \/><\/figure>\n\n\n\n<p>Nous vous attendons nombreux \u00e0 Glaireuse pour partager ensemble cette belle aventure sportive et conviviale. Chaussez vos meilleures chaussures de marche et rejoignez-nous pour soutenir les initiatives de notre comit\u00e9 et faire vivre notre village !<\/p>\n\n\n\n<p>\u00c0 tr\u00e8s bient\u00f4t sur les sentiers de Glaireuse !<\/p>\n\n\n\n<figure class=\"wp-block-image size-large\"><img loading=\"lazy\" decoding=\"async\" width=\"724\" height=\"1024\" src=\"http:\/\/www.glaireuse.be\/wp-content\/uploads\/2026\/04\/Affiche-2026-1-724x1024.jpg\" alt=\"\" class=\"wp-image-640\" srcset=\"https:\/\/www.glaireuse.be\/wp-content\/uploads\/2026\/04\/Affiche-2026-1-724x1024.jpg 724w, https:\/\/www.glaireuse.be\/wp-content\/uploads\/2026\/04\/Affiche-2026-1-212x300.jpg 212w, https:\/\/www.glaireuse.be\/wp-content\/uploads\/2026\/04\/Affiche-2026-1-106x150.jpg 106w, https:\/\/www.glaireuse.be\/wp-content\/uploads\/2026\/04\/Affiche-2026-1-768x1086.jpg 768w, https:\/\/www.glaireuse.be\/wp-content\/uploads\/2026\/04\/Affiche-2026-1-1086x1536.jpg 1086w, https:\/\/www.glaireuse.be\/wp-content\/uploads\/2026\/04\/Affiche-2026-1-1448x2048.jpg 1448w, https:\/\/www.glaireuse.be\/wp-content\/uploads\/2026\/04\/Affiche-2026-1-scaled.jpg 1810w\" sizes=\"auto, (max-width: 724px) 100vw, 724px\" \/><\/figure>\n","protected":false},"excerpt":{"rendered":"<p>Le village de Glaireuse aura le plaisir de vous accueillir le dimanche 14 juin pour la quatri\u00e8me \u00e9dition de sa marche ADEPS annuelle. Un rendez-vous incontournable pour tous les amateurs de promenade, de nature et de convivialit\u00e9. Que vous soyez marcheur occasionnel ou passionn\u00e9 de randonn\u00e9e, cette journ\u00e9e sera l&rsquo;occasion \u2026 <a class=\"continue-reading-link\" href=\"https:\/\/www.glaireuse.be\/?page_id=654\"> Continue reading <span class=\"meta-nav\">&rarr; <\/span><\/a><\/p>\n","protected":false},"author":1,"featured_media":0,"parent":0,"menu_order":0,"comment_status":"closed","ping_status":"closed","template":"","meta":{"_monsterinsights_skip_tracking":false,"_monsterinsights_sitenote_active":false,"_monsterinsights_sitenote_note":"","_monsterinsights_sitenote_category":0,"ngg_post_thumbnail":0,"footnotes":""},"class_list":["post-654","page","type-page","status-publish","hentry"],"yoast_head":"<!-- This site is optimized with the Yoast SEO plugin v19.4 - https:\/\/yoast.com\/wordpress\/plugins\/seo\/ -->\n<title>Marche ADEPS du dimanche 14 juin 2026 - Club des Jeunes de Glaireuse<\/title>\n<meta name=\"robots\" content=\"index, follow, max-snippet:-1, max-image-preview:large, max-video-preview:-1\" \/>\n<link rel=\"canonical\" href=\"https:\/\/www.glaireuse.be\/?page_id=654\" \/>\n<meta property=\"og:locale\" content=\"fr_FR\" \/>\n<meta property=\"og:type\" content=\"article\" \/>\n<meta property=\"og:title\" content=\"Marche ADEPS du dimanche 14 juin 2026 - Club des Jeunes de Glaireuse\" \/>\n<meta property=\"og:description\" content=\"Le village de Glaireuse aura le plaisir de vous accueillir le dimanche 14 juin pour la quatri\u00e8me \u00e9dition de sa marche ADEPS annuelle. Un rendez-vous incontournable pour tous les amateurs de promenade, de nature et de convivialit\u00e9. Que vous soyez marcheur occasionnel ou passionn\u00e9 de randonn\u00e9e, cette journ\u00e9e sera l&rsquo;occasion \u2026 Continue reading &rarr;\" \/>\n<meta property=\"og:url\" content=\"https:\/\/www.glaireuse.be\/?page_id=654\" \/>\n<meta property=\"og:site_name\" content=\"Club des Jeunes de Glaireuse\" \/>\n<meta property=\"article:modified_time\" content=\"2026-04-27T07:59:49+00:00\" \/>\n<meta property=\"og:image\" content=\"https:\/\/www.glaireuse.be\/wp-content\/uploads\/2026\/04\/517625715_24598707166388597_4223095964364235919_n-1024x768.jpg\" \/>\n<meta name=\"twitter:card\" content=\"summary_large_image\" \/>\n<meta name=\"twitter:label1\" content=\"Dur\u00e9e de lecture estim\u00e9e\" \/>\n\t<meta name=\"twitter:data1\" content=\"2 minutes\" \/>\n<script type=\"application\/ld+json\" class=\"yoast-schema-graph\">{\"@context\":\"https:\/\/schema.org\",\"@graph\":[{\"@type\":\"Organization\",\"@id\":\"http:\/\/www.glaireuse.be\/#organization\",\"name\":\"Club des Jeunes de Glaireuse\",\"url\":\"http:\/\/www.glaireuse.be\/\",\"sameAs\":[],\"logo\":{\"@type\":\"ImageObject\",\"inLanguage\":\"fr-FR\",\"@id\":\"http:\/\/www.glaireuse.be\/#\/schema\/logo\/image\/\",\"url\":\"http:\/\/www.glaireuse.be\/wp-content\/uploads\/2022\/07\/Vache.bmp\",\"contentUrl\":\"http:\/\/www.glaireuse.be\/wp-content\/uploads\/2022\/07\/Vache.bmp\",\"width\":307,\"height\":422,\"caption\":\"Club des Jeunes de Glaireuse\"},\"image\":{\"@id\":\"http:\/\/www.glaireuse.be\/#\/schema\/logo\/image\/\"}},{\"@type\":\"WebSite\",\"@id\":\"http:\/\/www.glaireuse.be\/#website\",\"url\":\"http:\/\/www.glaireuse.be\/\",\"name\":\"Club des Jeunes de Glaireuse\",\"description\":\"Tous \u00e0 Glaireuse le 2e WE d&#039;ao\u00fbt\",\"publisher\":{\"@id\":\"http:\/\/www.glaireuse.be\/#organization\"},\"potentialAction\":[{\"@type\":\"SearchAction\",\"target\":{\"@type\":\"EntryPoint\",\"urlTemplate\":\"http:\/\/www.glaireuse.be\/?s={search_term_string}\"},\"query-input\":\"required name=search_term_string\"}],\"inLanguage\":\"fr-FR\"},{\"@type\":\"WebPage\",\"@id\":\"https:\/\/www.glaireuse.be\/?page_id=654\",\"url\":\"https:\/\/www.glaireuse.be\/?page_id=654\",\"name\":\"Marche ADEPS du dimanche 14 juin 2026 - Club des Jeunes de Glaireuse\",\"isPartOf\":{\"@id\":\"http:\/\/www.glaireuse.be\/#website\"},\"datePublished\":\"2026-04-27T07:49:10+00:00\",\"dateModified\":\"2026-04-27T07:59:49+00:00\",\"breadcrumb\":{\"@id\":\"https:\/\/www.glaireuse.be\/?page_id=654#breadcrumb\"},\"inLanguage\":\"fr-FR\",\"potentialAction\":[{\"@type\":\"ReadAction\",\"target\":[\"https:\/\/www.glaireuse.be\/?page_id=654\"]}]},{\"@type\":\"BreadcrumbList\",\"@id\":\"https:\/\/www.glaireuse.be\/?page_id=654#breadcrumb\",\"itemListElement\":[{\"@type\":\"ListItem\",\"position\":1,\"name\":\"Accueil\",\"item\":\"http:\/\/www.glaireuse.be\/\"},{\"@type\":\"ListItem\",\"position\":2,\"name\":\"Marche ADEPS du dimanche 14 juin 2026\"}]}]}<\/script>\n<!-- \/ Yoast SEO plugin. -->","yoast_head_json":{"title":"Marche ADEPS du dimanche 14 juin 2026 - Club des Jeunes de Glaireuse","robots":{"index":"index","follow":"follow","max-snippet":"max-snippet:-1","max-image-preview":"max-image-preview:large","max-video-preview":"max-video-preview:-1"},"canonical":"https:\/\/www.glaireuse.be\/?page_id=654","og_locale":"fr_FR","og_type":"article","og_title":"Marche ADEPS du dimanche 14 juin 2026 - Club des Jeunes de Glaireuse","og_description":"Le village de Glaireuse aura le plaisir de vous accueillir le dimanche 14 juin pour la quatri\u00e8me \u00e9dition de sa marche ADEPS annuelle. Un rendez-vous incontournable pour tous les amateurs de promenade, de nature et de convivialit\u00e9. Que vous soyez marcheur occasionnel ou passionn\u00e9 de randonn\u00e9e, cette journ\u00e9e sera l&rsquo;occasion \u2026 Continue reading &rarr;","og_url":"https:\/\/www.glaireuse.be\/?page_id=654","og_site_name":"Club des Jeunes de Glaireuse","article_modified_time":"2026-04-27T07:59:49+00:00","og_image":[{"url":"https:\/\/www.glaireuse.be\/wp-content\/uploads\/2026\/04\/517625715_24598707166388597_4223095964364235919_n-1024x768.jpg"}],"twitter_card":"summary_large_image","twitter_misc":{"Dur\u00e9e de lecture estim\u00e9e":"2 minutes"},"schema":{"@context":"https:\/\/schema.org","@graph":[{"@type":"Organization","@id":"http:\/\/www.glaireuse.be\/#organization","name":"Club des Jeunes de Glaireuse","url":"http:\/\/www.glaireuse.be\/","sameAs":[],"logo":{"@type":"ImageObject","inLanguage":"fr-FR","@id":"http:\/\/www.glaireuse.be\/#\/schema\/logo\/image\/","url":"http:\/\/www.glaireuse.be\/wp-content\/uploads\/2022\/07\/Vache.bmp","contentUrl":"http:\/\/www.glaireuse.be\/wp-content\/uploads\/2022\/07\/Vache.bmp","width":307,"height":422,"caption":"Club des Jeunes de Glaireuse"},"image":{"@id":"http:\/\/www.glaireuse.be\/#\/schema\/logo\/image\/"}},{"@type":"WebSite","@id":"http:\/\/www.glaireuse.be\/#website","url":"http:\/\/www.glaireuse.be\/","name":"Club des Jeunes de Glaireuse","description":"Tous \u00e0 Glaireuse le 2e WE d&#039;ao\u00fbt","publisher":{"@id":"http:\/\/www.glaireuse.be\/#organization"},"potentialAction":[{"@type":"SearchAction","target":{"@type":"EntryPoint","urlTemplate":"http:\/\/www.glaireuse.be\/?s={search_term_string}"},"query-input":"required name=search_term_string"}],"inLanguage":"fr-FR"},{"@type":"WebPage","@id":"https:\/\/www.glaireuse.be\/?page_id=654","url":"https:\/\/www.glaireuse.be\/?page_id=654","name":"Marche ADEPS du dimanche 14 juin 2026 - Club des Jeunes de Glaireuse","isPartOf":{"@id":"http:\/\/www.glaireuse.be\/#website"},"datePublished":"2026-04-27T07:49:10+00:00","dateModified":"2026-04-27T07:59:49+00:00","breadcrumb":{"@id":"https:\/\/www.glaireuse.be\/?page_id=654#breadcrumb"},"inLanguage":"fr-FR","potentialAction":[{"@type":"ReadAction","target":["https:\/\/www.glaireuse.be\/?page_id=654"]}]},{"@type":"BreadcrumbList","@id":"https:\/\/www.glaireuse.be\/?page_id=654#breadcrumb","itemListElement":[{"@type":"ListItem","position":1,"name":"Accueil","item":"http:\/\/www.glaireuse.be\/"},{"@type":"ListItem","position":2,"name":"Marche ADEPS du dimanche 14 juin 2026"}]}]}},"_links":{"self":[{"href":"https:\/\/www.glaireuse.be\/index.php?rest_route=\/wp\/v2\/pages\/654","targetHints":{"allow":["GET"]}}],"collection":[{"href":"https:\/\/www.glaireuse.be\/index.php?rest_route=\/wp\/v2\/pages"}],"about":[{"href":"https:\/\/www.glaireuse.be\/index.php?rest_route=\/wp\/v2\/types\/page"}],"author":[{"embeddable":true,"href":"https:\/\/www.glaireuse.be\/index.php?rest_route=\/wp\/v2\/users\/1"}],"replies":[{"embeddable":true,"href":"https:\/\/www.glaireuse.be\/index.php?rest_route=%2Fwp%2Fv2%2Fcomments&post=654"}],"version-history":[{"count":5,"href":"https:\/\/www.glaireuse.be\/index.php?rest_route=\/wp\/v2\/pages\/654\/revisions"}],"predecessor-version":[{"id":661,"href":"https:\/\/www.glaireuse.be\/index.php?rest_route=\/wp\/v2\/pages\/654\/revisions\/661"}],"wp:attachment":[{"href":"https:\/\/www.glaireuse.be\/index.php?rest_route=%2Fwp%2Fv2%2Fmedia&parent=654"}],"curies":[{"name":"wp","href":"https:\/\/api.w.org\/{rel}","templated":true}]}}